{"id":2691,"date":"2026-06-27T06:19:03","date_gmt":"2026-06-27T06:19:03","guid":{"rendered":"https:\/\/vaour.fr\/?page_id=2691"},"modified":"2026-07-01T13:44:56","modified_gmt":"2026-07-01T11:44:56","slug":"actualitesrecentes","status":"publish","type":"page","link":"https:\/\/vaour.fr\/index.php\/actualitesrecentes\/","title":{"rendered":"Actualit\u00e9s r\u00e9centes"},"content":{"rendered":"\n\t\t\t<div class=\"wp-block-uagb-post-carousel uagb-post-grid  uagb-post__image-position-top uagb-post__image-enabled uagb-block-e41a4117     uagb-post__arrow-outside uagb-slick-carousel uagb-post__items uagb-post__columns-3 is-carousel uagb-post__columns-tablet-2 uagb-post__columns-mobile-1\" data-total=\"26\" style=\"\">\n\n\t\t\t\t\t\t\t\t\t\t\t\t<article class=\"uagb-post__inner-wrap\">\t\t\t\t\t<div class=\"uagb-post__text\"><span class=\"uagb-post__taxonomy highlighted\"><span class=\"dashicons-tag dashicons\"><\/span><a href=\"https:\/\/vaour.fr\/index.php\/category\/4c\/\">4C<\/a><\/span><span class=\"uagb-post__taxonomy highlighted\"><span class=\"dashicons-tag dashicons\"><\/span><a href=\"https:\/\/vaour.fr\/index.php\/category\/festivites\/\">Festivit\u00e9s<\/a><\/span><\/div>\t\t\t<h4 class=\"uagb-post__title uagb-post__text\">\n\t\t\t\t<a href=\"https:\/\/vaour.fr\/index.php\/2026\/08\/29\/journee-des-associations-les-cabannes-dimanche-13-septembre-de-10h-a-17h\/\" target=\"_self\" rel=\"bookmark noopener noreferrer\">Journ\u00e9e des associations, les Cabannes, dimanche 13 septembre de 10h \u00e0 17h<\/a>\n\t\t\t<\/h4>\n\t\t\t\t\t\t<div class='uagb-post__text uagb-post-grid-byline'>\n\t\t\t\t\t\t\t\t<time datetime=\"2026-08-29T11:52:06+02:00\" class=\"uagb-post__date\">\n\t\t\t\t<span class=\"dashicons-calendar dashicons\"><\/span>\t\t\t\t\t29 ao\u00fbt 2026\t\t\t\t<\/time>\n\t\t\t\t\t\t<\/div>\n\t\t\t\t\t\t\t<div class='uagb-post__text uagb-post__excerpt'>\n\t\t\t\t\t<p>Journ\u00e9e des associations, les Cabannes, dimanche 13 septembre de 10h \u00e0 17h&#8230;\t\t\t\t<\/div>\n\t\t\t\t\t\t<div class=\"uagb-post__text uagb-post__cta wp-block-button\">\n\t\t\t\t<a class=\"wp-block-button__link uagb-text-link\" style=\"\" href=\"https:\/\/vaour.fr\/index.php\/2026\/08\/29\/journee-des-associations-les-cabannes-dimanche-13-septembre-de-10h-a-17h\/\" target=\"_self\" rel=\"bookmark noopener noreferrer\">Lire la suite<\/a>\n\t\t\t<\/div>\n\t\t\t\n\t\t\t\t\t\t\t\t\t<\/article>\n\t\t\t\t\t\t\t\t\t\t\t\t\t\t\t\t<article class=\"uagb-post__inner-wrap\">\t\t\t\t\t<div class=\"uagb-post__text\"><span class=\"uagb-post__taxonomy highlighted\"><span class=\"dashicons-tag dashicons\"><\/span><a href=\"https:\/\/vaour.fr\/index.php\/category\/4c\/\">4C<\/a><\/span><span class=\"uagb-post__taxonomy highlighted\"><span class=\"dashicons-tag dashicons\"><\/span><a href=\"https:\/\/vaour.fr\/index.php\/category\/services\/\">Services<\/a><\/span><\/div>\t\t\t<h4 class=\"uagb-post__title uagb-post__text\">\n\t\t\t\t<a href=\"https:\/\/vaour.fr\/index.php\/2026\/08\/29\/3564\/\" target=\"_self\" rel=\"bookmark noopener noreferrer\">La m\u00e9diath\u00e8que ouvre aussi le mercredi matin<\/a>\n\t\t\t<\/h4>\n\t\t\t\t\t\t<div class='uagb-post__text uagb-post-grid-byline'>\n\t\t\t\t\t\t\t\t<time datetime=\"2026-08-29T11:03:56+02:00\" class=\"uagb-post__date\">\n\t\t\t\t<span class=\"dashicons-calendar dashicons\"><\/span>\t\t\t\t\t29 ao\u00fbt 2026\t\t\t\t<\/time>\n\t\t\t\t\t\t<\/div>\n\t\t\t\t\t\t\t<div class='uagb-post__text uagb-post__excerpt'>\n\t\t\t\t\t<p>Pour s\u2019adapter \u00e0 son public et permettre \u00e0 tous de profiter plus&#8230;\t\t\t\t<\/div>\n\t\t\t\t\t\t<div class=\"uagb-post__text uagb-post__cta wp-block-button\">\n\t\t\t\t<a class=\"wp-block-button__link uagb-text-link\" style=\"\" href=\"https:\/\/vaour.fr\/index.php\/2026\/08\/29\/3564\/\" target=\"_self\" rel=\"bookmark noopener noreferrer\">Lire la suite<\/a>\n\t\t\t<\/div>\n\t\t\t\n\t\t\t\t\t\t\t\t\t<\/article>\n\t\t\t\t\t\t\t\t\t\t\t\t\t\t\t\t<article class=\"uagb-post__inner-wrap\">\t\t\t\t\t<div class=\"uagb-post__text\"><span class=\"uagb-post__taxonomy highlighted\"><span class=\"dashicons-tag dashicons\"><\/span><a href=\"https:\/\/vaour.fr\/index.php\/category\/4c\/\">4C<\/a><\/span><span class=\"uagb-post__taxonomy highlighted\"><span class=\"dashicons-tag dashicons\"><\/span><a href=\"https:\/\/vaour.fr\/index.php\/category\/festivites\/\">Festivit\u00e9s<\/a><\/span><\/div>\t\t\t<h4 class=\"uagb-post__title uagb-post__text\">\n\t\t\t\t<a href=\"https:\/\/vaour.fr\/index.php\/2026\/08\/28\/une-selection-de-spectacles-de-la-scene-nationale-dalbi-a-tarif-reduit-par-lescale-evs-des-cabannes\/\" target=\"_self\" rel=\"bookmark noopener noreferrer\">Une s\u00e9lection de spectacles de la Sc\u00e8ne Nationale d&rsquo;Albi \u00e0 tarif r\u00e9duit : par l&rsquo;Escale, EVS des Cabannes<\/a>\n\t\t\t<\/h4>\n\t\t\t\t\t\t<div class='uagb-post__text uagb-post-grid-byline'>\n\t\t\t\t\t\t\t\t<time datetime=\"2026-08-28T19:10:25+02:00\" class=\"uagb-post__date\">\n\t\t\t\t<span class=\"dashicons-calendar dashicons\"><\/span>\t\t\t\t\t28 ao\u00fbt 2026\t\t\t\t<\/time>\n\t\t\t\t\t\t<\/div>\n\t\t\t\t\t\t\t<div class='uagb-post__text uagb-post__excerpt'>\n\t\t\t\t\t<p>L&rsquo;Escale propose chaque ann\u00e9e une s\u00e9lection de spectacles de la Sc\u00e8ne Nationale&#8230;\t\t\t\t<\/div>\n\t\t\t\t\t\t<div class=\"uagb-post__text uagb-post__cta wp-block-button\">\n\t\t\t\t<a class=\"wp-block-button__link uagb-text-link\" style=\"\" href=\"https:\/\/vaour.fr\/index.php\/2026\/08\/28\/une-selection-de-spectacles-de-la-scene-nationale-dalbi-a-tarif-reduit-par-lescale-evs-des-cabannes\/\" target=\"_self\" rel=\"bookmark noopener noreferrer\">Lire la suite<\/a>\n\t\t\t<\/div>\n\t\t\t\n\t\t\t\t\t\t\t\t\t<\/article>\n\t\t\t\t\t\t\t\t\t\t\t\t\t\t\t\t<article class=\"uagb-post__inner-wrap\">\t\t\t\t\t<div class=\"uagb-post__text\"><span class=\"uagb-post__taxonomy highlighted\"><span class=\"dashicons-tag dashicons\"><\/span><a href=\"https:\/\/vaour.fr\/index.php\/category\/officiel\/\">Officiel<\/a><\/span><span class=\"uagb-post__taxonomy highlighted\"><span class=\"dashicons-tag dashicons\"><\/span><a href=\"https:\/\/vaour.fr\/index.php\/category\/services\/\">Services<\/a><\/span><\/div>\t\t\t<h4 class=\"uagb-post__title uagb-post__text\">\n\t\t\t\t<a href=\"https:\/\/vaour.fr\/index.php\/2026\/08\/27\/arrete-eau\/\" target=\"_self\" rel=\"bookmark noopener noreferrer\">Arr\u00eat\u00e9 du 27 ao\u00fbt r\u00e9glementant temporairement l&rsquo;usage de l&rsquo;eau issu du milieu (pr\u00e9l\u00e8vement) et du r\u00e9seau d&rsquo;eau potable<\/a>\n\t\t\t<\/h4>\n\t\t\t\t\t\t<div class='uagb-post__text uagb-post-grid-byline'>\n\t\t\t\t\t\t\t\t<time datetime=\"2026-08-27T12:00:00+02:00\" class=\"uagb-post__date\">\n\t\t\t\t<span class=\"dashicons-calendar dashicons\"><\/span>\t\t\t\t\t27 ao\u00fbt 2026\t\t\t\t<\/time>\n\t\t\t\t\t\t<\/div>\n\t\t\t\t\t\t\t<div class='uagb-post__text uagb-post__excerpt'>\n\t\t\t\t\t<p>https:\/\/www.tarn.gouv.fr\/contenu\/telechargement\/30063\/284746\/file\/260827_AP_restriction_sign%C3%A9.pdf Les restrictions&nbsp;mentionn\u00e9es dans les arr\u00eat\u00e9s s\u00e9cheresse, relatives \u00e0 l&rsquo;usage de l&rsquo;eau&#8230;\t\t\t\t<\/div>\n\t\t\t\t\t\t<div class=\"uagb-post__text uagb-post__cta wp-block-button\">\n\t\t\t\t<a class=\"wp-block-button__link uagb-text-link\" style=\"\" href=\"https:\/\/vaour.fr\/index.php\/2026\/08\/27\/arrete-eau\/\" target=\"_self\" rel=\"bookmark noopener noreferrer\">Lire la suite<\/a>\n\t\t\t<\/div>\n\t\t\t\n\t\t\t\t\t\t\t\t\t<\/article>\n\t\t\t\t\t\t\t\t\t\t\t\t\t\t\t\t<article class=\"uagb-post__inner-wrap\">\t\t\t\t\t<div class=\"uagb-post__text\"><span class=\"uagb-post__taxonomy highlighted\"><span class=\"dashicons-tag dashicons\"><\/span><a href=\"https:\/\/vaour.fr\/index.php\/category\/festivites\/\">Festivit\u00e9s<\/a><\/span><\/div>\t\t\t<h4 class=\"uagb-post__title uagb-post__text\">\n\t\t\t\t<a href=\"https:\/\/vaour.fr\/index.php\/2026\/08\/25\/eclipse-a-vaour-le-12-aout-2026\/\" target=\"_self\" rel=\"bookmark noopener noreferrer\">Eclipse \u00e0 Vaour, le 12 ao\u00fbt 2026<\/a>\n\t\t\t<\/h4>\n\t\t\t\t\t\t<div class='uagb-post__text uagb-post-grid-byline'>\n\t\t\t\t\t\t\t\t<time datetime=\"2026-08-25T19:30:57+02:00\" class=\"uagb-post__date\">\n\t\t\t\t<span class=\"dashicons-calendar dashicons\"><\/span>\t\t\t\t\t25 ao\u00fbt 2026\t\t\t\t<\/time>\n\t\t\t\t\t\t<\/div>\n\t\t\t\t\t\t\t<div class='uagb-post__text uagb-post__excerpt'>\n\t\t\t\t\t<p>Quelques photos Cr\u00e9dit photo : Ana, Zeem, Beno\u00eet, Marie-Ange, Nathalie et Louis,&#8230;\t\t\t\t<\/div>\n\t\t\t\t\t\t<div class=\"uagb-post__text uagb-post__cta wp-block-button\">\n\t\t\t\t<a class=\"wp-block-button__link uagb-text-link\" style=\"\" href=\"https:\/\/vaour.fr\/index.php\/2026\/08\/25\/eclipse-a-vaour-le-12-aout-2026\/\" target=\"_self\" rel=\"bookmark noopener noreferrer\">Lire la suite<\/a>\n\t\t\t<\/div>\n\t\t\t\n\t\t\t\t\t\t\t\t\t<\/article>\n\t\t\t\t\t\t\t\t\t\t\t\t\t\t\t\t<article class=\"uagb-post__inner-wrap\">\t\t\t\t\t<div class=\"uagb-post__text\"><span class=\"uagb-post__taxonomy highlighted\"><span class=\"dashicons-tag dashicons\"><\/span><a href=\"https:\/\/vaour.fr\/index.php\/category\/festivites\/\">Festivit\u00e9s<\/a><\/span><\/div>\t\t\t<h4 class=\"uagb-post__title uagb-post__text\">\n\t\t\t\t<a href=\"https:\/\/vaour.fr\/index.php\/2026\/08\/21\/lete-de-vaour-fete-ses-40-ans\/\" target=\"_self\" rel=\"bookmark noopener noreferrer\">L&rsquo;\u00e9t\u00e9 de Vaour f\u00eate ses 40 ans !<\/a>\n\t\t\t<\/h4>\n\t\t\t\t\t\t<div class='uagb-post__text uagb-post-grid-byline'>\n\t\t\t\t\t\t\t\t<time datetime=\"2026-08-21T17:21:44+02:00\" class=\"uagb-post__date\">\n\t\t\t\t<span class=\"dashicons-calendar dashicons\"><\/span>\t\t\t\t\t21 ao\u00fbt 2026\t\t\t\t<\/time>\n\t\t\t\t\t\t<\/div>\n\t\t\t\t\t\t\t<div class='uagb-post__text uagb-post__excerpt'>\n\t\t\t\t\t<p>En photos Cr\u00e9dit Photos et r\u00e9alisation du diaporama Marie-Ange Cotteret La galerie&#8230;\t\t\t\t<\/div>\n\t\t\t\t\t\t<div class=\"uagb-post__text uagb-post__cta wp-block-button\">\n\t\t\t\t<a class=\"wp-block-button__link uagb-text-link\" style=\"\" href=\"https:\/\/vaour.fr\/index.php\/2026\/08\/21\/lete-de-vaour-fete-ses-40-ans\/\" target=\"_self\" rel=\"bookmark noopener noreferrer\">Lire la suite<\/a>\n\t\t\t<\/div>\n\t\t\t\n\t\t\t\t\t\t\t\t\t<\/article>\n\t\t\t\t\t\t\t\t\t\t\t\t\t\t\t\t<article class=\"uagb-post__inner-wrap\">\t\t\t\t\t<div class=\"uagb-post__text\"><span class=\"uagb-post__taxonomy highlighted\"><span class=\"dashicons-tag dashicons\"><\/span><a href=\"https:\/\/vaour.fr\/index.php\/category\/officiel\/\">Officiel<\/a><\/span><\/div>\t\t\t<h4 class=\"uagb-post__title uagb-post__text\">\n\t\t\t\t<a href=\"https:\/\/vaour.fr\/index.php\/2026\/08\/13\/13-aout-incendie-forets-vigilance-orange-restrictions-complementaires-travaux-de-broyage-epareuse\/\" target=\"_self\" rel=\"bookmark noopener noreferrer\">Arr\u00eat\u00e9 de restrictions compl\u00e9mentairesu  travaux de broyage \/ \u00e9pareuse jusqu&rsquo;au 31 ao\u00fbt<\/a>\n\t\t\t<\/h4>\n\t\t\t\t\t\t<div class='uagb-post__text uagb-post-grid-byline'>\n\t\t\t\t\t\t\t\t<time datetime=\"2026-08-13T12:52:20+02:00\" class=\"uagb-post__date\">\n\t\t\t\t<span class=\"dashicons-calendar dashicons\"><\/span>\t\t\t\t\t13 ao\u00fbt 2026\t\t\t\t<\/time>\n\t\t\t\t\t\t<\/div>\n\t\t\t\t\t\t\t<div class='uagb-post__text uagb-post__excerpt'>\n\t\t\t\t\t<p>La pr\u00e9fecture a pris un arr\u00eat\u00e9 compl\u00e9mentaire interdisant l&rsquo;utilisation de broyeurs lourds&#8230;\t\t\t\t<\/div>\n\t\t\t\t\t\t<div class=\"uagb-post__text uagb-post__cta wp-block-button\">\n\t\t\t\t<a class=\"wp-block-button__link uagb-text-link\" style=\"\" href=\"https:\/\/vaour.fr\/index.php\/2026\/08\/13\/13-aout-incendie-forets-vigilance-orange-restrictions-complementaires-travaux-de-broyage-epareuse\/\" target=\"_self\" rel=\"bookmark noopener noreferrer\">Lire la suite<\/a>\n\t\t\t<\/div>\n\t\t\t\n\t\t\t\t\t\t\t\t\t<\/article>\n\t\t\t\t\t\t\t\t\t\t\t\t\t\t\t\t<article class=\"uagb-post__inner-wrap\">\t\t\t\t\t<div class=\"uagb-post__text\"><span class=\"uagb-post__taxonomy highlighted\"><span class=\"dashicons-tag dashicons\"><\/span><a href=\"https:\/\/vaour.fr\/index.php\/category\/4c\/\">4C<\/a><\/span><span class=\"uagb-post__taxonomy highlighted\"><span class=\"dashicons-tag dashicons\"><\/span><a href=\"https:\/\/vaour.fr\/index.php\/category\/services\/\">Services<\/a><\/span><\/div>\t\t\t<h4 class=\"uagb-post__title uagb-post__text\">\n\t\t\t\t<a href=\"https:\/\/vaour.fr\/index.php\/2026\/08\/06\/4c-groupe-de-travail-sur-la-mobilite\/\" target=\"_self\" rel=\"bookmark noopener noreferrer\">4C : groupe de travail sur la mobilit\u00e9<\/a>\n\t\t\t<\/h4>\n\t\t\t\t\t\t<div class='uagb-post__text uagb-post-grid-byline'>\n\t\t\t\t\t\t\t\t<time datetime=\"2026-08-06T12:47:34+02:00\" class=\"uagb-post__date\">\n\t\t\t\t<span class=\"dashicons-calendar dashicons\"><\/span>\t\t\t\t\t6 ao\u00fbt 2026\t\t\t\t<\/time>\n\t\t\t\t\t\t<\/div>\n\t\t\t\t\t\t\t<div class='uagb-post__text uagb-post__excerpt'>\n\t\t\t\t\t<p>Bonjour \u00e0 toutes et \u00e0 tous,Depuis plusieurs mois d\u00e9j\u00e0, nous cheminons ensemble&#8230;\t\t\t\t<\/div>\n\t\t\t\t\t\t<div class=\"uagb-post__text uagb-post__cta wp-block-button\">\n\t\t\t\t<a class=\"wp-block-button__link uagb-text-link\" style=\"\" href=\"https:\/\/vaour.fr\/index.php\/2026\/08\/06\/4c-groupe-de-travail-sur-la-mobilite\/\" target=\"_self\" rel=\"bookmark noopener noreferrer\">Lire la suite<\/a>\n\t\t\t<\/div>\n\t\t\t\n\t\t\t\t\t\t\t\t\t<\/article>\n\t\t\t\t\t\t\t\t\t\t\t<\/div>\n\t\t\t","protected":false},"excerpt":{"rendered":"","protected":false},"author":7,"featured_media":1638,"parent":0,"menu_order":0,"comment_status":"closed","ping_status":"closed","template":"","meta":{"_uag_custom_page_level_css":"","advanced_seo_description":"","jetpack_seo_html_title":"","jetpack_seo_noindex":false,"jetpack_seo_schema_type":"","footnotes":""},"class_list":["post-2691","page","type-page","status-publish","has-post-thumbnail","hentry"],"uagb_featured_image_src":{"full":["https:\/\/vaour.fr\/wp-content\/uploads\/2026\/05\/209-vaour-vaour-vue-generale-cote-sud.jpg",800,517,false],"thumbnail":["https:\/\/vaour.fr\/wp-content\/uploads\/2026\/05\/209-vaour-vaour-vue-generale-cote-sud-150x150.jpg",150,150,true],"medium":["https:\/\/vaour.fr\/wp-content\/uploads\/2026\/05\/209-vaour-vaour-vue-generale-cote-sud-300x194.jpg",300,194,true],"medium_large":["https:\/\/vaour.fr\/wp-content\/uploads\/2026\/05\/209-vaour-vaour-vue-generale-cote-sud-768x496.jpg",525,339,true],"large":["https:\/\/vaour.fr\/wp-content\/uploads\/2026\/05\/209-vaour-vaour-vue-generale-cote-sud.jpg",525,339,false],"thumblist":["https:\/\/vaour.fr\/wp-content\/uploads\/2026\/05\/209-vaour-vaour-vue-generale-cote-sud.jpg",300,194,false],"thumbrelated":["https:\/\/vaour.fr\/wp-content\/uploads\/2026\/05\/209-vaour-vaour-vue-generale-cote-sud.jpg",500,323,false],"meccarouselthumb":["https:\/\/vaour.fr\/wp-content\/uploads\/2026\/05\/209-vaour-vaour-vue-generale-cote-sud.jpg",474,306,false],"gridsquare":["https:\/\/vaour.fr\/wp-content\/uploads\/2026\/05\/209-vaour-vaour-vue-generale-cote-sud.jpg",391,253,false],"tileview":["https:\/\/vaour.fr\/wp-content\/uploads\/2026\/05\/209-vaour-vaour-vue-generale-cote-sud.jpg",300,194,false],"1536x1536":["https:\/\/vaour.fr\/wp-content\/uploads\/2026\/05\/209-vaour-vaour-vue-generale-cote-sud.jpg",800,517,false],"2048x2048":["https:\/\/vaour.fr\/wp-content\/uploads\/2026\/05\/209-vaour-vaour-vue-generale-cote-sud.jpg",800,517,false],"twentyseventeen-featured-image":["https:\/\/vaour.fr\/wp-content\/uploads\/2026\/05\/209-vaour-vaour-vue-generale-cote-sud.jpg",800,517,false],"twentyseventeen-thumbnail-avatar":["https:\/\/vaour.fr\/wp-content\/uploads\/2026\/05\/209-vaour-vaour-vue-generale-cote-sud-100x100.jpg",100,100,true],"mailpoet_newsletter_max":["https:\/\/vaour.fr\/wp-content\/uploads\/2026\/05\/209-vaour-vaour-vue-generale-cote-sud.jpg",800,517,false]},"uagb_author_info":{"display_name":"Informatique VAOUR","author_link":"https:\/\/vaour.fr\/index.php\/author\/informatiquevaour-fr\/"},"uagb_comment_info":0,"uagb_excerpt":null,"jetpack_sharing_enabled":true,"_links":{"self":[{"href":"https:\/\/vaour.fr\/index.php\/wp-json\/wp\/v2\/pages\/2691","targetHints":{"allow":["GET"]}}],"collection":[{"href":"https:\/\/vaour.fr\/index.php\/wp-json\/wp\/v2\/pages"}],"about":[{"href":"https:\/\/vaour.fr\/index.php\/wp-json\/wp\/v2\/types\/page"}],"author":[{"embeddable":true,"href":"https:\/\/vaour.fr\/index.php\/wp-json\/wp\/v2\/users\/7"}],"replies":[{"embeddable":true,"href":"https:\/\/vaour.fr\/index.php\/wp-json\/wp\/v2\/comments?post=2691"}],"version-history":[{"count":19,"href":"https:\/\/vaour.fr\/index.php\/wp-json\/wp\/v2\/pages\/2691\/revisions"}],"predecessor-version":[{"id":3141,"href":"https:\/\/vaour.fr\/index.php\/wp-json\/wp\/v2\/pages\/2691\/revisions\/3141"}],"wp:featuredmedia":[{"embeddable":true,"href":"https:\/\/vaour.fr\/index.php\/wp-json\/wp\/v2\/media\/1638"}],"wp:attachment":[{"href":"https:\/\/vaour.fr\/index.php\/wp-json\/wp\/v2\/media?parent=2691"}],"curies":[{"name":"wp","href":"https:\/\/api.w.org\/{rel}","templated":true}]}}